{"id":947,"date":"2020-05-06T16:11:47","date_gmt":"2020-05-06T16:11:47","guid":{"rendered":"https:\/\/www.designersusanna.fi\/?page_id=947"},"modified":"2021-05-14T06:28:36","modified_gmt":"2021-05-14T06:28:36","slug":"cv-en","status":"publish","type":"page","link":"https:\/\/www.designersusanna.fi\/?page_id=947","title":{"rendered":"CV en"},"content":{"rendered":"<p>[et_pb_section fb_built=&#8221;1&#8243; admin_label=&#8221;Class Details Section&#8221; _builder_version=&#8221;3.22&#8243; background_color=&#8221;#efe9e4&#8243; custom_padding=&#8221;14px||90px|||&#8221;][et_pb_row admin_label=&#8221;Class Details Area&#8221; _builder_version=&#8221;3.25&#8243; custom_padding=&#8221;27px|0px|12px|0px||&#8221;][et_pb_column type=&#8221;4_4&#8243; _builder_version=&#8221;3.25&#8243; custom_padding=&#8221;|||&#8221; custom_padding__hover=&#8221;|||&#8221;][et_pb_text admin_label=&#8221;Title&#8221; _builder_version=&#8221;4.4.5&#8243; text_font=&#8221;||||||||&#8221; header_font=&#8221;||||||||&#8221; header_2_font=&#8221;Poppins|600|||||||&#8221; header_2_text_align=&#8221;center&#8221; header_2_font_size=&#8221;36px&#8221; header_2_line_height=&#8221;1.2em&#8221; custom_margin=&#8221;||0px|&#8221; custom_padding=&#8221;|||&#8221; animation_style=&#8221;fade&#8221;]<\/p>\n<h2><strong>CV<\/strong><\/h2>\n<p>[\/et_pb_text][et_pb_divider color=&#8221;#fdb467&#8243; divider_position=&#8221;center&#8221; divider_weight=&#8221;3px&#8221; _builder_version=&#8221;3.2&#8243; max_width=&#8221;50px&#8221; module_alignment=&#8221;center&#8221; animation_style=&#8221;slide&#8221; animation_direction=&#8221;top&#8221; animation_intensity_slide=&#8221;10%&#8221; animation_starting_opacity=&#8221;100%&#8221;][\/et_pb_divider][\/et_pb_column][\/et_pb_row][et_pb_row _builder_version=&#8221;4.4.5&#8243; background_color=&#8221;#282624&#8243; width=&#8221;100%&#8221; max_width=&#8221;60%&#8221; max_width_tablet=&#8221;95%&#8221; max_width_phone=&#8221;100%&#8221; max_width_last_edited=&#8221;on|phone&#8221; custom_margin=&#8221;10px||||false|false&#8221; custom_padding=&#8221;0%|5%|0%|5%|true|true&#8221;][et_pb_column type=&#8221;4_4&#8243; _builder_version=&#8221;4.0.3&#8243;][et_pb_text _builder_version=&#8221;4.4.5&#8243; header_4_line_height=&#8221;1.7em&#8221; background_layout=&#8221;dark&#8221; custom_margin=&#8221;0px||0px||false|false&#8221;]<\/p>\n<h3 style=\"text-align: left;\"><strong>JOB<\/strong><\/h3>\n<p style=\"text-align: left;\"><strong><\/strong><\/p>\n<p style=\"text-align: left;\">2010-<br \/> Pieks\u00e4m\u00e4ki city, Community college, Art school for children, ceramic teacher<\/p>\n<p style=\"text-align: left;\"><strong><\/strong><\/p>\n<p style=\"text-align: left;\"><strong>JOB RELATED TO THE FIELD OF ART <\/strong><\/p>\n<p style=\"text-align: left;\">2019<br \/> Specialist tasks, Invironmental art, Vedenjakajareitist\u00f6 Pieks\u00e4m\u00e4ki<\/p>\n<p style=\"text-align: left;\">2019<br \/> Art testers, Mikkeli Art Museum<\/p>\n<p style=\"text-align: left;\">2011<br \/> Partaharjun opisto, craft teachers substitute<\/p>\n<p style=\"text-align: left;\">2007-2008<br \/> Kuopio congregation, youth ceramics instructor<\/p>\n<p style=\"text-align: left;\"><strong>EDUCATION<\/strong><\/p>\n<p style=\"text-align: left;\">2018<br \/> Nerikomi course, Kankaanp\u00e4\u00e4, Nanna Bayer<\/p>\n<p style=\"text-align: left;\">2017, 2019<br \/> Wheeling course, Kankaanp\u00e4\u00e4, Richard Raven<\/p>\n<p style=\"text-align: left;\">2015<br \/> Enamelling, Pauliina Rundgren<\/p>\n<p style=\"text-align: left;\">2012<br \/> Silverclay, follow-upp course<\/p>\n<p style=\"text-align: left;\">2011<br \/> Silverclay, sertification 1<\/p>\n<p style=\"text-align: left;\">2011<br \/> The specialstudys of teaching art and crafts, Kuopio Academy of Design<\/p>\n<p style=\"text-align: left;\">2008<br \/> Entrepreneur course, Teak studycenter<\/p>\n<p style=\"text-align: left;\">2004-2008<br \/> Ceramic and glassdesigner(AMK), Savonia University of appliedsciences, Kuopio Academy of Design<\/p>\n<p style=\"text-align: left;\">1999-2002<br \/> Baccalaureate, The secondary school of arts and music in Savonlinna<\/p>\n<p style=\"text-align: left;\">STUDIO<\/p>\n<p style=\"text-align: left;\">2010<br \/> Savontie 39, 76100 Pieks\u00e4m\u00e4ki<\/p>\n<p>[\/et_pb_text][\/et_pb_column][\/et_pb_row][et_pb_row column_structure=&#8221;1_2,1_2&#8243; _builder_version=&#8221;4.4.5&#8243; background_color=&#8221;#282624&#8243; width=&#8221;100%&#8221; max_width=&#8221;85%&#8221; max_width_tablet=&#8221;95%&#8221; max_width_phone=&#8221;100%&#8221; max_width_last_edited=&#8221;on|phone&#8221; custom_margin=&#8221;10px||||false|false&#8221; custom_padding=&#8221;0%|5%|0%|5%|true|true&#8221; hover_enabled=&#8221;0&#8243; sticky_enabled=&#8221;0&#8243;][et_pb_column type=&#8221;1_2&#8243; _builder_version=&#8221;4.0.3&#8243;][et_pb_text _builder_version=&#8221;4.6.1&#8243; header_4_line_height=&#8221;1.7em&#8221; text_orientation=&#8221;center&#8221; background_layout=&#8221;dark&#8221; custom_padding=&#8221;0px|0px|0px|0px|true|true&#8221; hover_enabled=&#8221;0&#8243; sticky_enabled=&#8221;0&#8243;]<\/p>\n<h3 style=\"text-align: left;\"><strong>GRANTS<\/strong><\/h3>\n<p style=\"text-align: left;\">2021<\/p>\n<p style=\"text-align: left;\">Pieks\u00e4m\u00e4en kaupunki, kohdeapuraha<\/p>\n<p style=\"text-align: left;\">2020<\/p>\n<p style=\"text-align: left;\">Suomen kulttuurirahasto, Etel\u00e4-Savon maakuntarahasto, kohdeapuraha<\/p>\n<p style=\"text-align: left;\">Pieks\u00e4m\u00e4en kaupunki, kohdeapuraha<\/p>\n<p style=\"text-align: left;\">2019<br \/> Arts promotion Centre Finland, Etel\u00e4-Savo, project grant<\/p>\n<p style=\"text-align: left;\">2018<br \/> Arts promotion Centre Finland, Etel\u00e4-Savo Arts counsil,6 months\u00a0 \u00a0 \u00a0 \u00a0 \u00a0 \u00a0 \u00a0 \u00a0 \u00a0 \u00a0 \u00a0 \u00a0 \u00a0 \u00a0 \u00a0artist grant<\/p>\n<p style=\"text-align: left;\">2017<br \/> Arts promotion Centre Finland, Etel\u00e4-Savo Arts counsil,4 months artist grant<\/p>\n<p style=\"text-align: left;\">2017<br \/> Pieks\u00e4m\u00e4ki city, project grant<\/p>\n<p style=\"text-align: left;\">2016<br \/> Arts promotion Centre Finland, Etel\u00e4-Savo Arts counsil, project grant<\/p>\n<p style=\"text-align: left;\">2016<br \/> Pieks\u00e4m\u00e4ki city, project grant<\/p>\n<p style=\"text-align: left;\">2015<br \/> Pieks\u00e4m\u00e4ki city, project grant<\/p>\n<p style=\"text-align: left;\">2014<br \/> Finnish cultural foundation, five month artist grant<\/p>\n<p style=\"text-align: left;\">2014<br \/> Arts promotion Centre Finland, Etel\u00e4-Savo Arts Counsil, project grant<\/p>\n<p style=\"text-align: left;\">2014<br \/> Pieks\u00e4m\u00e4ki city, project grant<\/p>\n<p style=\"text-align: left;\">2013<br \/> Arts promotion Centre Finland, Etel\u00e4-Savo Arts counsil, half year artist grant<\/p>\n<p style=\"text-align: left;\">2013<br \/> Pieks\u00e4m\u00e4ki city, project grant for a group, exhibition expences<\/p>\n<p style=\"text-align: left;\">2012<br \/> Etel\u00e4-Savo Arts counsil,\u00a0 project grant for making ceramic and glass sculptures<\/p>\n<p style=\"text-align: left;\">2011<br \/> Pieks\u00e4m\u00e4ki city, project grant<\/p>\n<p style=\"text-align: left;\">2010<br \/> Central Art Counsil, project grant for making glassobjects<\/p>\n<p>&nbsp;<\/p>\n<p>[\/et_pb_text][\/et_pb_column][et_pb_column type=&#8221;1_2&#8243; _builder_version=&#8221;4.0.3&#8243;][et_pb_text _builder_version=&#8221;4.4.5&#8243; text_orientation=&#8221;center&#8221; background_layout=&#8221;dark&#8221;]<\/p>\n<h3 style=\"text-align: left;\"><strong>MEMBERSHIPS<\/strong><\/h3>\n<p style=\"text-align: left;\">2016<br \/> Sylvi Ry, support membership<\/p>\n<p style=\"text-align: left;\">2015<br \/> DeSavo membership<\/p>\n<p style=\"text-align: left;\">2014<br \/> Ceramics liabilityteacher, Pieks\u00e4m\u00e4ki Adult education school<\/p>\n<p style=\"text-align: left;\">2012<br \/> Artschool for children, shared liabilityteacher<\/p>\n<p style=\"text-align: left;\">2012<br \/> ORNAMO membership<\/p>\n<p style=\"text-align: left;\">2012<br \/> Pieks\u00e4m\u00e4ki Visual Art Associations fundmanager<\/p>\n<p style=\"text-align: left;\">2010<br \/> Member of administration in Pieks\u00e4m\u00e4ki Visual Art Association<\/p>\n<p style=\"text-align: left;\">2004<br \/> Pieks\u00e4m\u00e4ki Visual Art Association membership<\/p>\n<p>[\/et_pb_text][et_pb_image src=&#8221;https:\/\/www.designersusanna.fi\/wp-content\/uploads\/2020\/05\/Salaisuus-2016-detail-Photo-Ammi-Lahtinen.jpg&#8221; title_text=&#8221;Salaisuus, 2016, detail, Photo Ammi Lahtinen&#8221; _builder_version=&#8221;4.4.5&#8243; width=&#8221;60%&#8221; width_tablet=&#8221;95%&#8221; width_phone=&#8221;&#8221; width_last_edited=&#8221;on|phone&#8221; module_alignment=&#8221;center&#8221;][\/et_pb_image][\/et_pb_column][\/et_pb_row][\/et_pb_section][et_pb_section fb_built=&#8221;1&#8243; admin_label=&#8221;Footer Section&#8221; _builder_version=&#8221;3.22&#8243; background_color=&#8221;#1e1d1c&#8221; custom_padding=&#8221;29px||29px||true|&#8221; global_module=&#8221;1053&#8243; saved_tabs=&#8221;all&#8221; locked=&#8221;off&#8221;][et_pb_row column_structure=&#8221;1_3,1_3,1_3&#8243; admin_label=&#8221;Footer Area&#8221; _builder_version=&#8221;3.25&#8243;][et_pb_column type=&#8221;1_3&#8243; _builder_version=&#8221;3.25&#8243; custom_padding=&#8221;|||&#8221; custom_padding__hover=&#8221;|||&#8221;][et_pb_text ul_type=&#8221;none&#8221; admin_label=&#8221;Title&#8221; _builder_version=&#8221;4.0.3&#8243; text_font=&#8221;Poppins||||||||&#8221; text_text_color=&#8221;rgba(255,255,255,0.7)&#8221; text_font_size=&#8221;16px&#8221; text_line_height=&#8221;1.8em&#8221; ul_font=&#8221;Poppins||||||||&#8221; ul_text_align=&#8221;center&#8221; header_font=&#8221;||||||||&#8221; header_2_font=&#8221;Poppins||||||||&#8221; header_2_text_align=&#8221;center&#8221; header_2_font_size=&#8221;24px&#8221; header_2_line_height=&#8221;1.4em&#8221; text_orientation=&#8221;center&#8221; background_layout=&#8221;dark&#8221; custom_margin=&#8221;||15px|&#8221; custom_padding=&#8221;|||&#8221; animation_style=&#8221;fade&#8221;]<\/p>\n<h2>Studio<\/h2>\n<p>Savontie 39, <br \/>76100 Pieks\u00e4m\u00e4ki<\/p>\n<p>[\/et_pb_text][\/et_pb_column][et_pb_column type=&#8221;1_3&#8243; _builder_version=&#8221;3.25&#8243; custom_padding=&#8221;|||&#8221; custom_padding__hover=&#8221;|||&#8221;][et_pb_text ul_type=&#8221;none&#8221; admin_label=&#8221;Title&#8221; _builder_version=&#8221;4.4.5&#8243; text_font=&#8221;Poppins||||||||&#8221; text_text_color=&#8221;rgba(255,255,255,0.7)&#8221; text_font_size=&#8221;16px&#8221; text_line_height=&#8221;1.8em&#8221; ul_font=&#8221;Poppins||||||||&#8221; ul_text_align=&#8221;center&#8221; header_font=&#8221;||||||||&#8221; header_2_font=&#8221;Poppins||||||||&#8221; header_2_text_align=&#8221;center&#8221; header_2_font_size=&#8221;24px&#8221; header_2_line_height=&#8221;1.4em&#8221; text_orientation=&#8221;center&#8221; background_layout=&#8221;dark&#8221; custom_margin=&#8221;||15px|&#8221; custom_padding=&#8221;|||&#8221; animation_style=&#8221;fade&#8221;]<\/p>\n<h2>Phone<\/h2>\n<p><span>050 567 2283<\/span><\/p>\n<p>[\/et_pb_text][\/et_pb_column][et_pb_column type=&#8221;1_3&#8243; _builder_version=&#8221;3.25&#8243; custom_padding=&#8221;|||&#8221; custom_padding__hover=&#8221;|||&#8221;][et_pb_text ul_type=&#8221;none&#8221; admin_label=&#8221;Title&#8221; _builder_version=&#8221;4.4.5&#8243; text_font=&#8221;Poppins||||||||&#8221; text_text_color=&#8221;rgba(255,255,255,0.7)&#8221; text_font_size=&#8221;16px&#8221; text_line_height=&#8221;1.8em&#8221; ul_font=&#8221;Poppins||||||||&#8221; ul_text_align=&#8221;center&#8221; header_font=&#8221;||||||||&#8221; header_2_font=&#8221;Poppins||||||||&#8221; header_2_text_align=&#8221;center&#8221; header_2_font_size=&#8221;24px&#8221; header_2_line_height=&#8221;1.4em&#8221; text_orientation=&#8221;center&#8221; background_layout=&#8221;dark&#8221; custom_margin=&#8221;||15px|&#8221; custom_padding=&#8221;|||&#8221; animation_style=&#8221;fade&#8221;]<\/p>\n<h2>Email<\/h2>\n<div class=\"_50f4\"><a href=\"mailto:susanna.tyrvainen@gmail.com\" target=\"_blank\" rel=\"noopener noreferrer\">susanna.tyrvainen@gmail.com<\/a><\/div>\n<p style=\"text-align: center;\">[\/et_pb_text][\/et_pb_column][\/et_pb_row][et_pb_row disabled_on=&#8221;off|off|off&#8221; admin_label=&#8221;Social Media&#8221; _builder_version=&#8221;3.25&#8243; custom_margin=&#8221;-1px|auto||auto||&#8221;][et_pb_column type=&#8221;4_4&#8243; _builder_version=&#8221;3.25&#8243; custom_padding=&#8221;|||&#8221; custom_padding__hover=&#8221;|||&#8221;][et_pb_social_media_follow _builder_version=&#8221;4.0.3&#8243; text_orientation=&#8221;center&#8221;][et_pb_social_media_follow_network social_network=&#8221;facebook&#8221; url=&#8221;https:\/\/www.facebook.com\/designersusanna&#8221; _builder_version=&#8221;4.0.3&#8243; background_color=&#8221;#fdb467&#8243; custom_margin=&#8221;|8px||8px&#8221; custom_padding=&#8221;14px|14px|14px|14px&#8221; border_radii=&#8221;on|100px|100px|100px|100px&#8221; follow_button=&#8221;off&#8221; url_new_window=&#8221;on&#8221;]facebook[\/et_pb_social_media_follow_network][et_pb_social_media_follow_network social_network=&#8221;instagram&#8221; url=&#8221;http:\/\/instagram.com\/designersusanna_&#8221; _builder_version=&#8221;4.0.3&#8243; background_color=&#8221;#fdb467&#8243; custom_margin=&#8221;|8px||8px&#8221; custom_padding=&#8221;14px|14px|14px|14px&#8221; border_radii=&#8221;on|100px|100px|100px|100px&#8221; follow_button=&#8221;off&#8221; url_new_window=&#8221;on&#8221;]instagram[\/et_pb_social_media_follow_network][\/et_pb_social_media_follow][\/et_pb_column][\/et_pb_row][\/et_pb_section]<\/p>\n","protected":false},"excerpt":{"rendered":"<p>CVJOB 2010- Pieks\u00e4m\u00e4ki city, Community college, Art school for children, ceramic teacher JOB RELATED TO THE FIELD OF ART 2019 Specialist tasks, Invironmental art, Vedenjakajareitist\u00f6 Pieks\u00e4m\u00e4ki 2019 Art testers, Mikkeli Art Museum 2011 Partaharjun opisto, craft teachers substitute 2007-2008 Kuopio congregation, youth ceramics instructor EDUCATION 2018 Nerikomi course, Kankaanp\u00e4\u00e4, Nanna Bayer 2017, 2019 Wheeling course, [&hellip;]<\/p>\n","protected":false},"author":2,"featured_media":0,"parent":0,"menu_order":0,"comment_status":"closed","ping_status":"closed","template":"","meta":{"_et_pb_use_builder":"on","_et_pb_old_content":"","_et_gb_content_width":""},"yoast_head":"<!-- This site is optimized with the Yoast SEO plugin v16.9 - https:\/\/yoast.com\/wordpress\/plugins\/seo\/ -->\n<title>CV en | Susanna Tyrv&auml;inen Muotoilija<\/title>\n<meta name=\"robots\" content=\"index, follow, max-snippet:-1, max-image-preview:large, max-video-preview:-1\" \/>\n<link rel=\"canonical\" href=\"https:\/\/www.designersusanna.fi\/?page_id=947\" \/>\n<meta property=\"og:locale\" content=\"fi_FI\" \/>\n<meta property=\"og:type\" content=\"article\" \/>\n<meta property=\"og:title\" content=\"CV en | Susanna Tyrv&auml;inen Muotoilija\" \/>\n<meta property=\"og:description\" content=\"CVJOB 2010- Pieks\u00e4m\u00e4ki city, Community college, Art school for children, ceramic teacher JOB RELATED TO THE FIELD OF ART 2019 Specialist tasks, Invironmental art, Vedenjakajareitist\u00f6 Pieks\u00e4m\u00e4ki 2019 Art testers, Mikkeli Art Museum 2011 Partaharjun opisto, craft teachers substitute 2007-2008 Kuopio congregation, youth ceramics instructor EDUCATION 2018 Nerikomi course, Kankaanp\u00e4\u00e4, Nanna Bayer 2017, 2019 Wheeling course, [&hellip;]\" \/>\n<meta property=\"og:url\" content=\"https:\/\/www.designersusanna.fi\/?page_id=947\" \/>\n<meta property=\"og:site_name\" content=\"Susanna Tyrv&auml;inen Muotoilija\" \/>\n<meta property=\"article:publisher\" content=\"https:\/\/www.facebook.com\/designersusanna\/\" \/>\n<meta property=\"article:modified_time\" content=\"2021-05-14T06:28:36+00:00\" \/>\n<meta name=\"twitter:card\" content=\"summary_large_image\" \/>\n<meta name=\"twitter:label1\" content=\"Arvioitu lukuaika\" \/>\n\t<meta name=\"twitter:data1\" content=\"5 minuuttia\" \/>\n<script type=\"application\/ld+json\" class=\"yoast-schema-graph\">{\"@context\":\"https:\/\/schema.org\",\"@graph\":[{\"@type\":\"Organization\",\"@id\":\"https:\/\/www.designersusanna.fi\/#organization\",\"name\":\"Desinger Susanna Tyrv\\u00e4inen\",\"url\":\"https:\/\/www.designersusanna.fi\/\",\"sameAs\":[\"https:\/\/www.facebook.com\/designersusanna\/\",\"https:\/\/www.instagram.com\/designersusanna_\"],\"logo\":{\"@type\":\"ImageObject\",\"@id\":\"https:\/\/www.designersusanna.fi\/#logo\",\"inLanguage\":\"fi\",\"url\":\"https:\/\/www.designersusanna.fi\/wp-content\/uploads\/2020\/05\/Na\\u0308ytto\\u0308kuva-2020-5-6-kello-12.22.11.png\",\"contentUrl\":\"https:\/\/www.designersusanna.fi\/wp-content\/uploads\/2020\/05\/Na\\u0308ytto\\u0308kuva-2020-5-6-kello-12.22.11.png\",\"width\":1034,\"height\":1034,\"caption\":\"Desinger Susanna Tyrv\\u00e4inen\"},\"image\":{\"@id\":\"https:\/\/www.designersusanna.fi\/#logo\"}},{\"@type\":\"WebSite\",\"@id\":\"https:\/\/www.designersusanna.fi\/#website\",\"url\":\"https:\/\/www.designersusanna.fi\/\",\"name\":\"Susanna Tyrv&auml;inen Muotoilija\",\"description\":\"Susanna Tyrv&auml;inen muotoilija\",\"publisher\":{\"@id\":\"https:\/\/www.designersusanna.fi\/#organization\"},\"potentialAction\":[{\"@type\":\"SearchAction\",\"target\":{\"@type\":\"EntryPoint\",\"urlTemplate\":\"https:\/\/www.designersusanna.fi\/?s={search_term_string}\"},\"query-input\":\"required name=search_term_string\"}],\"inLanguage\":\"fi\"},{\"@type\":\"WebPage\",\"@id\":\"https:\/\/www.designersusanna.fi\/?page_id=947#webpage\",\"url\":\"https:\/\/www.designersusanna.fi\/?page_id=947\",\"name\":\"CV en | Susanna Tyrv&auml;inen Muotoilija\",\"isPartOf\":{\"@id\":\"https:\/\/www.designersusanna.fi\/#website\"},\"datePublished\":\"2020-05-06T16:11:47+00:00\",\"dateModified\":\"2021-05-14T06:28:36+00:00\",\"breadcrumb\":{\"@id\":\"https:\/\/www.designersusanna.fi\/?page_id=947#breadcrumb\"},\"inLanguage\":\"fi\",\"potentialAction\":[{\"@type\":\"ReadAction\",\"target\":[\"https:\/\/www.designersusanna.fi\/?page_id=947\"]}]},{\"@type\":\"BreadcrumbList\",\"@id\":\"https:\/\/www.designersusanna.fi\/?page_id=947#breadcrumb\",\"itemListElement\":[{\"@type\":\"ListItem\",\"position\":1,\"name\":\"Home\",\"item\":\"https:\/\/www.designersusanna.fi\/\"},{\"@type\":\"ListItem\",\"position\":2,\"name\":\"CV en\"}]}]}<\/script>\n<!-- \/ Yoast SEO plugin. -->","yoast_head_json":{"title":"CV en | Susanna Tyrv&auml;inen Muotoilija","robots":{"index":"index","follow":"follow","max-snippet":"max-snippet:-1","max-image-preview":"max-image-preview:large","max-video-preview":"max-video-preview:-1"},"canonical":"https:\/\/www.designersusanna.fi\/?page_id=947","og_locale":"fi_FI","og_type":"article","og_title":"CV en | Susanna Tyrv&auml;inen Muotoilija","og_description":"CVJOB 2010- Pieks\u00e4m\u00e4ki city, Community college, Art school for children, ceramic teacher JOB RELATED TO THE FIELD OF ART 2019 Specialist tasks, Invironmental art, Vedenjakajareitist\u00f6 Pieks\u00e4m\u00e4ki 2019 Art testers, Mikkeli Art Museum 2011 Partaharjun opisto, craft teachers substitute 2007-2008 Kuopio congregation, youth ceramics instructor EDUCATION 2018 Nerikomi course, Kankaanp\u00e4\u00e4, Nanna Bayer 2017, 2019 Wheeling course, [&hellip;]","og_url":"https:\/\/www.designersusanna.fi\/?page_id=947","og_site_name":"Susanna Tyrv&auml;inen Muotoilija","article_publisher":"https:\/\/www.facebook.com\/designersusanna\/","article_modified_time":"2021-05-14T06:28:36+00:00","twitter_card":"summary_large_image","twitter_misc":{"Arvioitu lukuaika":"5 minuuttia"},"schema":{"@context":"https:\/\/schema.org","@graph":[{"@type":"Organization","@id":"https:\/\/www.designersusanna.fi\/#organization","name":"Desinger Susanna Tyrv\u00e4inen","url":"https:\/\/www.designersusanna.fi\/","sameAs":["https:\/\/www.facebook.com\/designersusanna\/","https:\/\/www.instagram.com\/designersusanna_"],"logo":{"@type":"ImageObject","@id":"https:\/\/www.designersusanna.fi\/#logo","inLanguage":"fi","url":"https:\/\/www.designersusanna.fi\/wp-content\/uploads\/2020\/05\/Na\u0308ytto\u0308kuva-2020-5-6-kello-12.22.11.png","contentUrl":"https:\/\/www.designersusanna.fi\/wp-content\/uploads\/2020\/05\/Na\u0308ytto\u0308kuva-2020-5-6-kello-12.22.11.png","width":1034,"height":1034,"caption":"Desinger Susanna Tyrv\u00e4inen"},"image":{"@id":"https:\/\/www.designersusanna.fi\/#logo"}},{"@type":"WebSite","@id":"https:\/\/www.designersusanna.fi\/#website","url":"https:\/\/www.designersusanna.fi\/","name":"Susanna Tyrv&auml;inen Muotoilija","description":"Susanna Tyrv&auml;inen muotoilija","publisher":{"@id":"https:\/\/www.designersusanna.fi\/#organization"},"potentialAction":[{"@type":"SearchAction","target":{"@type":"EntryPoint","urlTemplate":"https:\/\/www.designersusanna.fi\/?s={search_term_string}"},"query-input":"required name=search_term_string"}],"inLanguage":"fi"},{"@type":"WebPage","@id":"https:\/\/www.designersusanna.fi\/?page_id=947#webpage","url":"https:\/\/www.designersusanna.fi\/?page_id=947","name":"CV en | Susanna Tyrv&auml;inen Muotoilija","isPartOf":{"@id":"https:\/\/www.designersusanna.fi\/#website"},"datePublished":"2020-05-06T16:11:47+00:00","dateModified":"2021-05-14T06:28:36+00:00","breadcrumb":{"@id":"https:\/\/www.designersusanna.fi\/?page_id=947#breadcrumb"},"inLanguage":"fi","potentialAction":[{"@type":"ReadAction","target":["https:\/\/www.designersusanna.fi\/?page_id=947"]}]},{"@type":"BreadcrumbList","@id":"https:\/\/www.designersusanna.fi\/?page_id=947#breadcrumb","itemListElement":[{"@type":"ListItem","position":1,"name":"Home","item":"https:\/\/www.designersusanna.fi\/"},{"@type":"ListItem","position":2,"name":"CV en"}]}]}},"_links":{"self":[{"href":"https:\/\/www.designersusanna.fi\/index.php?rest_route=\/wp\/v2\/pages\/947"}],"collection":[{"href":"https:\/\/www.designersusanna.fi\/index.php?rest_route=\/wp\/v2\/pages"}],"about":[{"href":"https:\/\/www.designersusanna.fi\/index.php?rest_route=\/wp\/v2\/types\/page"}],"author":[{"embeddable":true,"href":"https:\/\/www.designersusanna.fi\/index.php?rest_route=\/wp\/v2\/users\/2"}],"replies":[{"embeddable":true,"href":"https:\/\/www.designersusanna.fi\/index.php?rest_route=%2Fwp%2Fv2%2Fcomments&post=947"}],"version-history":[{"count":22,"href":"https:\/\/www.designersusanna.fi\/index.php?rest_route=\/wp\/v2\/pages\/947\/revisions"}],"predecessor-version":[{"id":1762,"href":"https:\/\/www.designersusanna.fi\/index.php?rest_route=\/wp\/v2\/pages\/947\/revisions\/1762"}],"wp:attachment":[{"href":"https:\/\/www.designersusanna.fi\/index.php?rest_route=%2Fwp%2Fv2%2Fmedia&parent=947"}],"curies":[{"name":"wp","href":"https:\/\/api.w.org\/{rel}","templated":true}]}}